{"id":7,"date":"2021-06-25T20:21:40","date_gmt":"2021-06-25T20:21:40","guid":{"rendered":"http:\/\/www.medienkulturraum.at\/wordpress\/?page_id=7"},"modified":"2025-06-18T10:30:05","modified_gmt":"2025-06-18T10:30:05","slug":"ueber-uns","status":"publish","type":"page","link":"https:\/\/www.medienkulturraum.at\/?page_id=7","title":{"rendered":"\u00dcber uns"},"content":{"rendered":"\n<p><a><strong>Gesch\u00e4ftsleitung<\/strong><\/a><\/p>\n\n\n\n<p>MMag. Wolfgang Hoi <\/p>\n\n\n\n<p><a><strong>Vorsitzende<\/strong><\/a><\/p>\n\n\n\n<p>Sonja Hoi und Mag.a Kerstin Kolbitsch<\/p>\n\n\n\n<p>Zus\u00e4tzlich \u00fcbernimmt die Vorsitzende die Agenden einer Schriftf\u00fchrerin. Schriftf\u00fchrerInnen f\u00fchren die Protokolle der Mitgliederversammlung und des Vorstands. Des Weiteren sind sie f\u00fcr den Bereich \u00d6ffentlichkeitsarbeit und Presse zust\u00e4ndig. <\/p>\n\n\n\n<p>Die Stv. Vorsitzende \u00fcbernimmt zus\u00e4tzlich die Agenden einer Kassiererin. KassiererInnen sind zust\u00e4ndig f\u00fcr die monet\u00e4ren Belange des Vereins, ob Mitgliedsbeitr\u00e4ge, Sponsoring-Gelder, Eingangs- oder Ausgangsrechnung &#8211; alles geht durch ihre H\u00e4nde. <\/p>\n\n\n\n<p>Falls Sie unserem Verein also Geld spenden wollen &#8211; tun Sie es ruhig: Unsere Kontaktadresse finden Sie <a href=\"https:\/\/www.medienkulturraum.at\/?page_id=8\" title=\"\">hier<\/a>. Das Geld wird f\u00fcr die Aufrechterhaltung der Strukturen sowie sinnvolle Projekte und Aktivit\u00e4ten verwendet.<\/p>\n\n\n\n<p><a><strong>Rechnungspr\u00fcfer<\/strong><\/a><\/p>\n\n\n\n<p><strong>Mag. Michael Bernt, Martin Diendorfer<\/strong><\/p>\n\n\n\n<p><\/p>\n\n\n\n<p class=\"has-text-align-left has-yellow-background-color has-background\"><\/p>\n\n\n\n<p><a><strong><strong>Unsere Philosophie<\/strong><\/strong><\/a><\/p>\n\n\n\n<p>Der gemeinn\u00fctzige, partei- und konfessionslose Verein <strong>medien.kultur.raum Verein f\u00fcr Kommunikation und angewandte Medienp\u00e4dagogik<\/strong> dient u.a. zur theoretischen Grundlegung und Begleitung von Medieninhalten, deren Rezeption und Anwendung sowie kommunikativer Strukturen und Prozesse in den Bereichen Kultur, Interkulturalit\u00e4t, Gender &amp; Diversity, Videospiele (und deren Psychologie), Technik, Arbeit und Gesundheit. Es sollen Konzepte und Erkenntnisse weit gestreut zur praktischen Anwendung kommen und das Wissen an Personengruppen und der Gesellschaft an sich weitergegeben werden.<\/p>\n\n\n\n<p>Ziel ist die Etablierung einer Anlaufstelle, die auf innovative Art allen Schichten und Gruppierungen der Bev\u00f6lkerung mitsamt spezieller Bed\u00fcrfnisse und Anliegen entsprechend einen partizipativen und emanzipatorischen <strong>Zugang zu medialen und kommunikativen Techniken und Methoden<\/strong> erm\u00f6glicht.<\/p>\n\n\n\n<p>Unsere T\u00e4tigkeiten dienen auch der nationalen und internationalen Vernetzung und somit der St\u00e4rkung der Region und deren Einbindung in die globale Informations- und Kommunikationsgesellschaft.<\/p>\n\n\n\n<p>Unser zentrales Anliegen ist es, <strong>Erkenntnisse und Praxis<\/strong> zu verbinden. Wir sind daher bestrebt, aktuelle, gesellschaftlich relevante Ph\u00e4nomene, Fragestellungen und Probleme (empirisch und\/oder qualitativ) zu erfassen, Erkl\u00e4rungen zu finden. Die Anwendung und Weiterentwicklung von Methoden bietet zudem die M\u00f6glichkeit, die Betroffenen selbst am Forschungsprozess teilhaben zu lassen. Die neuen Erkenntnisse flie\u00dfen direkt in unsere Aus- und Weiterbildungs- sowie Kinder- und Jugendprojekte ein. Die Erfahrungen aus der Praxis und die Ergebnisse der Begleitungen und Evaluationen unserer Angebote sind wiederum die Basis f\u00fcr weiterf\u00fchrende Aktivit\u00e4ten.<\/p>\n\n\n\n<div style=\"height:100px\" aria-hidden=\"true\" class=\"wp-block-spacer\"><\/div>\n\n\n\n<p class=\"has-text-align-center\"><em>medien.kultur.raum &#8211; aktiv seit \u00fcber 15 Jahren<\/em><\/p>\n","protected":false},"excerpt":{"rendered":"<p>Gesch\u00e4ftsleitung MMag. Wolfgang Hoi Vorsitzende Sonja Hoi und Mag.a Kerstin Kolbitsch Zus\u00e4tzlich \u00fcbernimmt die Vorsitzende die Agenden einer Schriftf\u00fchrerin. Schriftf\u00fchrerInnen f\u00fchren die Protokolle der Mitgliederversammlung und des Vorstands. Des Weiteren sind sie f\u00fcr den Bereich \u00d6ffentlichkeitsarbeit und Presse zust\u00e4ndig. Die Stv. Vorsitzende \u00fcbernimmt zus\u00e4tzlich die Agenden einer Kassiererin. KassiererInnen sind zust\u00e4ndig f\u00fcr die monet\u00e4ren Belange &#8230; <a title=\"\u00dcber uns\" class=\"read-more\" href=\"https:\/\/www.medienkulturraum.at\/?page_id=7\" aria-label=\"Read more about \u00dcber uns\">Read more<\/a><\/p>\n","protected":false},"author":1,"featured_media":0,"parent":0,"menu_order":0,"comment_status":"closed","ping_status":"closed","template":"","meta":{"om_disable_all_campaigns":false,"_monsterinsights_skip_tracking":false,"_monsterinsights_sitenote_active":false,"_monsterinsights_sitenote_note":"","_monsterinsights_sitenote_category":0,"footnotes":""},"class_list":["post-7","page","type-page","status-publish"],"aioseo_notices":[],"_links":{"self":[{"href":"https:\/\/www.medienkulturraum.at\/index.php?rest_route=\/wp\/v2\/pages\/7","targetHints":{"allow":["GET"]}}],"collection":[{"href":"https:\/\/www.medienkulturraum.at\/index.php?rest_route=\/wp\/v2\/pages"}],"about":[{"href":"https:\/\/www.medienkulturraum.at\/index.php?rest_route=\/wp\/v2\/types\/page"}],"author":[{"embeddable":true,"href":"https:\/\/www.medienkulturraum.at\/index.php?rest_route=\/wp\/v2\/users\/1"}],"replies":[{"embeddable":true,"href":"https:\/\/www.medienkulturraum.at\/index.php?rest_route=%2Fwp%2Fv2%2Fcomments&post=7"}],"version-history":[{"count":24,"href":"https:\/\/www.medienkulturraum.at\/index.php?rest_route=\/wp\/v2\/pages\/7\/revisions"}],"predecessor-version":[{"id":715,"href":"https:\/\/www.medienkulturraum.at\/index.php?rest_route=\/wp\/v2\/pages\/7\/revisions\/715"}],"wp:attachment":[{"href":"https:\/\/www.medienkulturraum.at\/index.php?rest_route=%2Fwp%2Fv2%2Fmedia&parent=7"}],"curies":[{"name":"wp","href":"https:\/\/api.w.org\/{rel}","templated":true}]}}